{"id":381,"date":"2020-07-30T14:21:28","date_gmt":"2020-07-30T14:21:28","guid":{"rendered":"https:\/\/www.septimiaresort.ro\/?page_id=381"},"modified":"2022-01-25T11:30:54","modified_gmt":"2022-01-25T11:30:54","slug":"hotel-etterem","status":"publish","type":"page","link":"https:\/\/www.septimiaresort.ro\/hu\/etterem\/hotel-etterem\/","title":{"rendered":"Hotel \u00c9tterem"},"content":{"rendered":"<p>A reggelit a Hotel \u00c9tteremben szolg\u00e1ljuk fel! Gazdag kontinent\u00e1lis reggelit k\u00edn\u00e1lunk (meleg \u00e9s hideg reggeli \u00e9telek, toj\u00e1s, kolb\u00e1sz, sajt, lekv\u00e1rok, z\u00f6lds\u00e9gek \u00e9s gy\u00fcm\u00f6lcs\u00f6k, keny\u00e9r, ropog\u00f3s croissant \u00e9s egy\u00e9b p\u00e9ks\u00fctem\u00e9nyek, tejterm\u00e9kek, gabonaf\u00e9l\u00e9k, gy\u00fcm\u00f6lcslevek, tea, tej, kaka\u00f3, k\u00e1v\u00e9 \u00e9s v\u00edz stb.), a trad\u00edcion\u00e1lis reggelivel kombin\u00e1lva &#8211; &#8222;&#8221;Sz\u00e9kely sarok&#8221;&#8221; k\u00fcl\u00f6nf\u00e9le helyi term\u00e9kekkel: h\u00e1zi sajtok, kolb\u00e1szok, lekv\u00e1rok stb.<\/p>\n<p>Rendezv\u00e9nyek szervez\u00e9s\u00e9vel, illetve csoportok sz\u00e1m\u00e1ra tov\u00e1bbra is k\u00e9szs\u00e9ggel \u00e1llunk vend\u00e9geink rendelkez\u00e9s\u00e9re.<\/p>\n","protected":false},"excerpt":{"rendered":"<p>A reggelit a Hotel \u00c9tteremben szolg\u00e1ljuk fel! Gazdag kontinent\u00e1lis reggelit k\u00edn\u00e1lunk (meleg \u00e9s hideg reggeli \u00e9telek, toj\u00e1s, kolb\u00e1sz, sajt, lekv\u00e1rok, z\u00f6lds\u00e9gek \u00e9s gy\u00fcm\u00f6lcs\u00f6k, keny\u00e9r, ropog\u00f3s croissant \u00e9s egy\u00e9b p\u00e9ks\u00fctem\u00e9nyek, tejterm\u00e9kek, gabonaf\u00e9l\u00e9k, gy\u00fcm\u00f6lcslevek, tea, tej, kaka\u00f3, k\u00e1v\u00e9 \u00e9s v\u00edz stb.), a trad\u00edcion\u00e1lis reggelivel kombin\u00e1lva &#8211; &#8222;&#8221;Sz\u00e9kely sarok&#8221;&#8221; k\u00fcl\u00f6nf\u00e9le helyi term\u00e9kekkel: h\u00e1zi sajtok, kolb\u00e1szok, lekv\u00e1rok stb. Rendezv\u00e9nyek [&hellip;]<\/p>\n","protected":false},"author":173,"featured_media":0,"parent":258,"menu_order":0,"comment_status":"closed","ping_status":"closed","template":"","meta":{"footnotes":""},"class_list":["post-381","page","type-page","status-publish","hentry"],"yoast_head":"<!-- This site is optimized with the Yoast SEO plugin v26.9 - https:\/\/yoast.com\/product\/yoast-seo-wordpress\/ -->\n<title>Hotel \u00c9tterem - Septimia Hotels &amp; SPA Resort<\/title>\n<meta name=\"description\" content=\"A reggelit a Hotel \u00c9tteremben szolg\u00e1ljuk fel! Gazdag kontinent\u00e1lis reggelit k\u00edn\u00e1lunk, a trad\u00edcion\u00e1lis reggelivel kombin\u00e1lva.\" \/>\n<meta name=\"robots\" content=\"index, follow, max-snippet:-1, max-image-preview:large, max-video-preview:-1\" \/>\n<link rel=\"canonical\" href=\"https:\/\/www.septimiaresort.ro\/hu\/etterem\/hotel-etterem\/\" \/>\n<meta property=\"og:locale\" content=\"hu_HU\" \/>\n<meta property=\"og:type\" content=\"article\" \/>\n<meta property=\"og:title\" content=\"Hotel \u00c9tterem - Septimia Hotels &amp; SPA Resort\" \/>\n<meta property=\"og:description\" content=\"A reggelit a Hotel \u00c9tteremben szolg\u00e1ljuk fel! Gazdag kontinent\u00e1lis reggelit k\u00edn\u00e1lunk, a trad\u00edcion\u00e1lis reggelivel kombin\u00e1lva.\" \/>\n<meta property=\"og:url\" content=\"https:\/\/www.septimiaresort.ro\/hu\/etterem\/hotel-etterem\/\" \/>\n<meta property=\"og:site_name\" content=\"Septimia Hotels &amp; SPA Resort\" \/>\n<meta property=\"article:modified_time\" content=\"2022-01-25T11:30:54+00:00\" \/>\n<meta name=\"twitter:card\" content=\"summary_large_image\" \/>\n<meta name=\"twitter:label1\" content=\"Becs\u00fclt olvas\u00e1si id\u0151\" \/>\n\t<meta name=\"twitter:data1\" content=\"1 perc\" \/>\n<script type=\"application\/ld+json\" class=\"yoast-schema-graph\">{\"@context\":\"https:\/\/schema.org\",\"@graph\":[{\"@type\":\"WebPage\",\"@id\":\"https:\/\/www.septimiaresort.ro\/hu\/etterem\/hotel-etterem\/\",\"url\":\"https:\/\/www.septimiaresort.ro\/hu\/etterem\/hotel-etterem\/\",\"name\":\"Hotel \u00c9tterem - Septimia Hotels & SPA Resort\",\"isPartOf\":{\"@id\":\"https:\/\/www.septimiaresort.ro\/hu\/#website\"},\"datePublished\":\"2020-07-30T14:21:28+00:00\",\"dateModified\":\"2022-01-25T11:30:54+00:00\",\"description\":\"A reggelit a Hotel \u00c9tteremben szolg\u00e1ljuk fel! Gazdag kontinent\u00e1lis reggelit k\u00edn\u00e1lunk, a trad\u00edcion\u00e1lis reggelivel kombin\u00e1lva.\",\"breadcrumb\":{\"@id\":\"https:\/\/www.septimiaresort.ro\/hu\/etterem\/hotel-etterem\/#breadcrumb\"},\"inLanguage\":\"hu\",\"potentialAction\":[{\"@type\":\"ReadAction\",\"target\":[\"https:\/\/www.septimiaresort.ro\/hu\/etterem\/hotel-etterem\/\"]}]},{\"@type\":\"BreadcrumbList\",\"@id\":\"https:\/\/www.septimiaresort.ro\/hu\/etterem\/hotel-etterem\/#breadcrumb\",\"itemListElement\":[{\"@type\":\"ListItem\",\"position\":1,\"name\":\"Home\",\"item\":\"https:\/\/www.septimiaresort.ro\/hu\/\"},{\"@type\":\"ListItem\",\"position\":2,\"name\":\"\u00c9tterem\",\"item\":\"https:\/\/www.septimiaresort.ro\/hu\/etterem\/\"},{\"@type\":\"ListItem\",\"position\":3,\"name\":\"Hotel \u00c9tterem\"}]},{\"@type\":\"WebSite\",\"@id\":\"https:\/\/www.septimiaresort.ro\/hu\/#website\",\"url\":\"https:\/\/www.septimiaresort.ro\/hu\/\",\"name\":\"Septimia Hotels & SPA Resort\",\"description\":\"Just another ms.decms.eu site\",\"potentialAction\":[{\"@type\":\"SearchAction\",\"target\":{\"@type\":\"EntryPoint\",\"urlTemplate\":\"https:\/\/www.septimiaresort.ro\/hu\/?s={search_term_string}\"},\"query-input\":{\"@type\":\"PropertyValueSpecification\",\"valueRequired\":true,\"valueName\":\"search_term_string\"}}],\"inLanguage\":\"hu\"}]}<\/script>\n<!-- \/ Yoast SEO plugin. -->","yoast_head_json":{"title":"Hotel \u00c9tterem - Septimia Hotels & SPA Resort","description":"A reggelit a Hotel \u00c9tteremben szolg\u00e1ljuk fel! Gazdag kontinent\u00e1lis reggelit k\u00edn\u00e1lunk, a trad\u00edcion\u00e1lis reggelivel kombin\u00e1lva.","robots":{"index":"index","follow":"follow","max-snippet":"max-snippet:-1","max-image-preview":"max-image-preview:large","max-video-preview":"max-video-preview:-1"},"canonical":"https:\/\/www.septimiaresort.ro\/hu\/etterem\/hotel-etterem\/","og_locale":"hu_HU","og_type":"article","og_title":"Hotel \u00c9tterem - Septimia Hotels & SPA Resort","og_description":"A reggelit a Hotel \u00c9tteremben szolg\u00e1ljuk fel! Gazdag kontinent\u00e1lis reggelit k\u00edn\u00e1lunk, a trad\u00edcion\u00e1lis reggelivel kombin\u00e1lva.","og_url":"https:\/\/www.septimiaresort.ro\/hu\/etterem\/hotel-etterem\/","og_site_name":"Septimia Hotels & SPA Resort","article_modified_time":"2022-01-25T11:30:54+00:00","twitter_card":"summary_large_image","twitter_misc":{"Becs\u00fclt olvas\u00e1si id\u0151":"1 perc"},"schema":{"@context":"https:\/\/schema.org","@graph":[{"@type":"WebPage","@id":"https:\/\/www.septimiaresort.ro\/hu\/etterem\/hotel-etterem\/","url":"https:\/\/www.septimiaresort.ro\/hu\/etterem\/hotel-etterem\/","name":"Hotel \u00c9tterem - Septimia Hotels & SPA Resort","isPartOf":{"@id":"https:\/\/www.septimiaresort.ro\/hu\/#website"},"datePublished":"2020-07-30T14:21:28+00:00","dateModified":"2022-01-25T11:30:54+00:00","description":"A reggelit a Hotel \u00c9tteremben szolg\u00e1ljuk fel! Gazdag kontinent\u00e1lis reggelit k\u00edn\u00e1lunk, a trad\u00edcion\u00e1lis reggelivel kombin\u00e1lva.","breadcrumb":{"@id":"https:\/\/www.septimiaresort.ro\/hu\/etterem\/hotel-etterem\/#breadcrumb"},"inLanguage":"hu","potentialAction":[{"@type":"ReadAction","target":["https:\/\/www.septimiaresort.ro\/hu\/etterem\/hotel-etterem\/"]}]},{"@type":"BreadcrumbList","@id":"https:\/\/www.septimiaresort.ro\/hu\/etterem\/hotel-etterem\/#breadcrumb","itemListElement":[{"@type":"ListItem","position":1,"name":"Home","item":"https:\/\/www.septimiaresort.ro\/hu\/"},{"@type":"ListItem","position":2,"name":"\u00c9tterem","item":"https:\/\/www.septimiaresort.ro\/hu\/etterem\/"},{"@type":"ListItem","position":3,"name":"Hotel \u00c9tterem"}]},{"@type":"WebSite","@id":"https:\/\/www.septimiaresort.ro\/hu\/#website","url":"https:\/\/www.septimiaresort.ro\/hu\/","name":"Septimia Hotels & SPA Resort","description":"Just another ms.decms.eu site","potentialAction":[{"@type":"SearchAction","target":{"@type":"EntryPoint","urlTemplate":"https:\/\/www.septimiaresort.ro\/hu\/?s={search_term_string}"},"query-input":{"@type":"PropertyValueSpecification","valueRequired":true,"valueName":"search_term_string"}}],"inLanguage":"hu"}]}},"acf":[],"_links":{"self":[{"href":"https:\/\/www.septimiaresort.ro\/hu\/wp-json\/wp\/v2\/pages\/381","targetHints":{"allow":["GET"]}}],"collection":[{"href":"https:\/\/www.septimiaresort.ro\/hu\/wp-json\/wp\/v2\/pages"}],"about":[{"href":"https:\/\/www.septimiaresort.ro\/hu\/wp-json\/wp\/v2\/types\/page"}],"author":[{"embeddable":true,"href":"https:\/\/www.septimiaresort.ro\/hu\/wp-json\/wp\/v2\/users\/173"}],"replies":[{"embeddable":true,"href":"https:\/\/www.septimiaresort.ro\/hu\/wp-json\/wp\/v2\/comments?post=381"}],"version-history":[{"count":0,"href":"https:\/\/www.septimiaresort.ro\/hu\/wp-json\/wp\/v2\/pages\/381\/revisions"}],"up":[{"embeddable":true,"href":"https:\/\/www.septimiaresort.ro\/hu\/wp-json\/wp\/v2\/pages\/258"}],"wp:attachment":[{"href":"https:\/\/www.septimiaresort.ro\/hu\/wp-json\/wp\/v2\/media?parent=381"}],"curies":[{"name":"wp","href":"https:\/\/api.w.org\/{rel}","templated":true}]}}